{"id":10,"date":"2015-11-26T05:22:53","date_gmt":"2015-11-26T05:22:53","guid":{"rendered":"http:\/\/wp.dirknowak.de\/?page_id=10"},"modified":"2017-07-19T13:20:52","modified_gmt":"2017-07-19T12:20:52","slug":"qualifikation","status":"publish","type":"page","link":"http:\/\/wp.dirknowak.de\/?page_id=10","title":{"rendered":"QUALIFIKATION + PROJEKTE"},"content":{"rendered":"<p><strong>2016<\/strong>&nbsp;Postplatzbrunnen, der gusseiserne Brunnen aus Wangen wurde abgebaut, zerlegt, konserviert und bei Wiederzusammenbau die Abdichtung erneuert.<\/p>\n<p class=\"entry-title\">Teilnahme mit Kundeneigenem Projekt am Tag des offenen Denkmals 2016 in Ravensburg mit der Restaurierung eines <a href=\"http:\/\/wp.dirknowak.de\/?p=271\">Jugendstil-Gartenhauses in der N\u00e4he der Feitsburg.<\/a><\/p>\n<p class=\"entry-title\">Gro\u00dfer \u00d6ffnungstag <a href=\"http:\/\/wp.dirknowak.de\/?p=263\">&#8222;Tag der offenen Werkstatt 14.05.2016&#8220; <\/a>in unseren neuen R\u00e4umen. Wir \u00f6ffneten erstmals f\u00fcr Publikumsverkehr.<\/p>\n<p>Auszeichnung durch den <a href=\"http:\/\/wp.dirknowak.de\/?p=219\">Baukulturgemeindepreis<\/a> zusammen mit der Stadt Wangen und der Gemeinde Deuchelried.<\/p>\n<p><a href=\"http:\/\/wp.dirknowak.de\/?p=277\">Auszeichnung&nbsp;<span style=\"font-size: 1rem;\">f\u00fcr Beispielhaftes Bauen<\/span><\/a><span style=\"font-size: 1rem;\">&nbsp;und &#8222;Bauen im Bestand&#8220; von Architektenkammer Stuttgart und Landkreis Ravensburg<\/span><\/p>\n<p><strong>2015&nbsp;<\/strong>Fertigstellung des neuen Firmengeb\u00e4udes in Deuchelried, Umzug in die neuen R\u00e4ume.<\/p>\n<p><strong>2014<\/strong>&nbsp;Ausstellungskonzept &nbsp;zu den \u00e4ltesten Steinen Zu\u00dfdorfs im Auftrag des RP T\u00fcbingen Landesbodendenkmalpflege&nbsp;erstellen des Konzeptes sowie dessen Umsetzung.<\/p>\n<p>Fachvortr\u00e4ge zur <a href=\"http:\/\/wp.dirknowak.de\/?m=201411\">Austellung &#8222;Wirklich Wichtig&#8220; in Hallein am Keltenmuseum<\/a>.<\/p>\n<p>Restaurierung einer Miniaturkirche, und einer speziellen <a href=\"http:\/\/wp.dirknowak.de\/?p=249\">Erbse auf dem Kirchturmspitz<\/a><\/p>\n<p><strong>2013&nbsp;Trockeneisstrahlverfahren<\/strong> &nbsp;zur Brunnenreinigung: &nbsp;<\/p>\n<p>Die Konservierung und Restaurierung des <a href=\"http:\/\/wp.dirknowak.de\/?m=201511\">Kopfw\u00e4scherbrunnens, Amtschimmelbrunnen und Eselbrunnen aus Wangen <\/a>wurden aufw\u00e4ndig durch gef\u00fchrt.<\/p>\n<p>Die Publikation des Reinigungsverfahren mit &nbsp;Trockeneis &nbsp;in der Anwendung bei Brunnen sowie die Konservierung &nbsp;wurde im Calwei Verlag im Heft Restauro &nbsp;4\/2015 publiziert.&nbsp;<\/p>\n<p><strong>2012 Betriebsumzug nach Wangen<\/strong>&nbsp;<\/p>\n<p>Erweiterung der R\u00e4ume f\u00fcr weitere T\u00e4tigkeitsfelder wie Brunnenfreilegungen \/ -reinigungen, Vitrinen und Ausstellungsbau<\/p>\n<p><strong>Selbst\u00e4ndigkeit + Gr\u00fcndung von Nowak Restaurierungen mit dem Designlabel <a href=\"http:\/\/wp.allg\u00e4ucasedesign.de\">&#8222;allg\u00e4ucasedesign&#8220;<\/a><\/strong><\/p>\n<p>Er\u00f6ffnung einer Werkstatt f\u00fcr Restaurierungen in Eisenharz \/ Argenb\u00fchl auf knappen 60m2.<\/p>\n<p><strong>Projekte (2003-2006)<\/strong><\/p>\n<hr>\n<p><strong>Projektleitender Restaurator am Rheinischen-Landes-Museum in Trier am Mosaik Neutorstra\u00dfe (\u201eSiemensmosaik\u201c)<\/strong><br \/>\nRestauratorische Leitung in den Bereichen<br \/>\n\u2022 Entwicklung eines Restaurierungskonzeptes<br \/>\n\u2022 Praktische Umsetzung des Restaurierungskonzeptes<br \/>\n\u2022 Recherche nach geeignetem Steinmaterial f\u00fcr die zu erg\u00e4nzenden Fl\u00e4chen.&nbsp; <a href=\"http:\/\/wp.dirknowak.de\/?page_id=19\">Zum Projekt<\/a><\/p>\n<p><strong>Restaurator am \u00d6sterreichischen Forschungszentrum D\u00fcrrnberg in Hallein im Salzburger Land.<\/strong><br \/>\n<strong> Restauratorische Leitung in den Bereichen:<\/strong><br \/>\n\u2022 Restaurierung eines keltischen \u201ePriesterinnen-Haarschmuckes\u201c aus sieben goldenen, hohlgetriebenen Kugeln. <a href=\"http:\/\/wp.dirknowak.de\/?page_id=19\">Zum Projekt<\/a><br \/>\n\u2022 Restaurierung und Konservierung von grabungsfrischen Funden aus den laufenden Grabungen<br \/>\n\u2022 Planung, Bau und Inbetriebnahme einer Natriumsulfit-Eisenentsalzungsanlage<br \/>\n\u2022 Einrichtung einer M\u00f6glichkeit zur digitalen Photographie am Mikroskop<\/p>\n<p><strong>2000 \u2013 2003 Restauratoren-Ausbildung<\/strong><\/p>\n<hr>\n<p>Ausbildung zum Restaurator f\u00fcr arch\u00e4ologische Bodenfunde am R\u00f6misch-Germanischen-Zentral-Museum in Mainz (RGZM)<\/p>\n<p><strong>1. Jahresarbeit<\/strong><br \/>\nVergleich der Abformung zweier gleichartig gebogener Blechr\u00f6hren, aus einem Reitergrab der Hunsr\u00fcck-Eifel-Kultur, bei unterschiedlichem Verlauf der Trennaht<\/p>\n<p><strong>2. Jahresarbeit<\/strong><br \/>\nRestaurierung und R\u00fcckformung des wahrscheinlich \u00e4ltesten Bronzehelms Europas aus dem Depotfund vom Piller, Gemeinde Fliess (Tirol). <a href=\"http:\/\/wp.dirknowak.de\/?page_id=19\">Zum Projekt<\/a><\/p>\n<p><strong>Referate<\/strong><br \/>\n\u2022 Bieten Glasschichten eine M\u00f6glichkeit zur Altersbestimmung von antiken Gl\u00e4sern? (RGZM)<br \/>\n\u2022 Granulieren eine Goldschmiedetechnik (RGZM)<br \/>\n\u2022 Restaurierung und R\u00fcckformung des Helmes vom Piller Sattel (UNI Insbruck)<br \/>\n\u2022 Restaurierung und R\u00fcckformung des Helmes vom Piller Sattel (Gemeinde Flie\u00df\/Landeck Nordtirol zur Vitrinener\u00f6ffnung)<br \/>\n\u2022 2. Jahresarbeit zur Restaurierung und R\u00fcckformung des Helmes vom Piller Sattel (RGZM<\/p>\n<p><strong>1997 \u2013 2000 Wanderschaft<\/strong><\/p>\n<hr>\n<p>\u2022 Schiftkurs im Zimmererhandwerk im Zunfthaus Hannover<br \/>\n\u2022 Rekonstruktion mit Nachbau eines r\u00f6mischen Torsions-Scorpio-Pfeilgesch\u00fctzes im Museum f\u00fcr antike Schifffahrt in Mainz<br \/>\n\u2022 Steinmetz-Lehrgang im Schweinstal<br \/>\n\u2022 Werkzeugschmiede-Lehrgang<\/p>\n<p><strong>1993 \u2013 1996 Schreinerausbildung mit M\u00f6belrestaurator bei Kirchmann in Isny \/ Allg\u00e4u<\/strong><\/p>\n<hr>\n<p>\u2022 Restaurierung der St. Georg-Kirche in Isny<br \/>\n\u2022 Stilm\u00f6belbau, M\u00f6belrestaurierungen und moderner M\u00f6belbau<br \/>\n\u2022 Vitrinenbau<br \/>\n\u2022 Ausstellungsbau<\/p>\n<p>&nbsp;<\/p>\n","protected":false},"excerpt":{"rendered":"<p>2016&nbsp;Postplatzbrunnen, der gusseiserne Brunnen aus Wangen wurde abgebaut, zerlegt, konserviert und bei Wiederzusammenbau die Abdichtung erneuert. Teilnahme mit Kundeneigenem Projekt am Tag des offenen Denkmals 2016 in Ravensburg mit der Restaurierung eines Jugendstil-Gartenhauses in der N\u00e4he der Feitsburg. Gro\u00dfer \u00d6ffnungstag &#8222;Tag der offenen Werkstatt 14.05.2016&#8220; in unseren neuen R\u00e4umen. Wir \u00f6ffneten erstmals f\u00fcr Publikumsverkehr. Auszeichnung durch den Baukulturgemeindepreis zusammen mit&#8230; <a href=\"http:\/\/wp.dirknowak.de\/?page_id=10\">weiterlesen &raquo;<\/a><\/p>\n","protected":false},"author":1,"featured_media":0,"parent":0,"menu_order":2,"comment_status":"closed","ping_status":"closed","template":"","meta":{"ngg_post_thumbnail":0,"footnotes":""},"class_list":["post-10","page","type-page","status-publish","hentry"],"_links":{"self":[{"href":"http:\/\/wp.dirknowak.de\/index.php?rest_route=\/wp\/v2\/pages\/10","targetHints":{"allow":["GET"]}}],"collection":[{"href":"http:\/\/wp.dirknowak.de\/index.php?rest_route=\/wp\/v2\/pages"}],"about":[{"href":"http:\/\/wp.dirknowak.de\/index.php?rest_route=\/wp\/v2\/types\/page"}],"author":[{"embeddable":true,"href":"http:\/\/wp.dirknowak.de\/index.php?rest_route=\/wp\/v2\/users\/1"}],"replies":[{"embeddable":true,"href":"http:\/\/wp.dirknowak.de\/index.php?rest_route=%2Fwp%2Fv2%2Fcomments&post=10"}],"version-history":[{"count":7,"href":"http:\/\/wp.dirknowak.de\/index.php?rest_route=\/wp\/v2\/pages\/10\/revisions"}],"predecessor-version":[{"id":290,"href":"http:\/\/wp.dirknowak.de\/index.php?rest_route=\/wp\/v2\/pages\/10\/revisions\/290"}],"wp:attachment":[{"href":"http:\/\/wp.dirknowak.de\/index.php?rest_route=%2Fwp%2Fv2%2Fmedia&parent=10"}],"curies":[{"name":"wp","href":"https:\/\/api.w.org\/{rel}","templated":true}]}}